{"id":306,"date":"2024-05-14T12:10:23","date_gmt":"2024-05-14T10:10:23","guid":{"rendered":"https:\/\/www.beratung-mrueegg.ch\/a-propos-de-moi\/"},"modified":"2025-03-10T09:35:38","modified_gmt":"2025-03-10T08:35:38","slug":"a-propos-de-moi","status":"publish","type":"page","link":"https:\/\/www.beratung-mrueegg.ch\/fr\/a-propos-de-moi\/","title":{"rendered":"\u00c0 propos de moi"},"content":{"rendered":"\t\t<div data-elementor-type=\"wp-page\" data-elementor-id=\"306\" class=\"elementor elementor-306 elementor-79\" data-elementor-post-type=\"page\">\n\t\t\t\t<div class=\"elementor-element elementor-element-436ec35 e-flex e-con-boxed e-con e-parent\" data-id=\"436ec35\" data-element_type=\"container\" data-e-type=\"container\" data-settings=\"{&quot;background_background&quot;:&quot;classic&quot;}\">\n\t\t\t\t\t<div class=\"e-con-inner\">\n\t\t<div class=\"elementor-element elementor-element-571ff64 e-con-full e-flex e-con e-child\" data-id=\"571ff64\" data-element_type=\"container\" data-e-type=\"container\">\n\t\t\t\t<div class=\"elementor-element elementor-element-f3133c2 elementor-widget elementor-widget-heading\" data-id=\"f3133c2\" data-element_type=\"widget\" data-e-type=\"widget\" data-widget_type=\"heading.default\">\n\t\t\t\t<div class=\"elementor-widget-container\">\n\t\t\t\t\t<h1 class=\"elementor-heading-title elementor-size-default\">A propos de moi<\/h1>\t\t\t\t<\/div>\n\t\t\t\t<\/div>\n\t\t\t\t<div class=\"elementor-element elementor-element-f7db882 elementor-widget elementor-widget-text-editor\" data-id=\"f7db882\" data-element_type=\"widget\" data-e-type=\"widget\" data-widget_type=\"text-editor.default\">\n\t\t\t\t<div class=\"elementor-widget-container\">\n\t\t\t\t\t\t\t\t\t<p>Je vous guide sur le chemin en direction de l\u2019objectif que vous vous \u00eates fix\u00e9.<\/p>\t\t\t\t\t\t\t\t<\/div>\n\t\t\t\t<\/div>\n\t\t\t\t<\/div>\n\t\t\t\t\t<\/div>\n\t\t\t\t<\/div>\n\t\t<div class=\"elementor-element elementor-element-542e605 e-flex e-con-boxed e-con e-parent\" data-id=\"542e605\" data-element_type=\"container\" data-e-type=\"container\" data-settings=\"{&quot;background_background&quot;:&quot;classic&quot;}\">\n\t\t\t\t\t<div class=\"e-con-inner\">\n\t\t<div class=\"elementor-element elementor-element-c91177c e-con-full e-flex e-con e-child\" data-id=\"c91177c\" data-element_type=\"container\" data-e-type=\"container\">\n\t\t\t\t<div class=\"elementor-element elementor-element-76a5765 elementor-widget elementor-widget-text-editor\" data-id=\"76a5765\" data-element_type=\"widget\" data-e-type=\"widget\" data-widget_type=\"text-editor.default\">\n\t\t\t\t<div class=\"elementor-widget-container\">\n\t\t\t\t\t\t\t\t\t<p>Je m\u2019appelle Michael R\u00fcegg, je suis n\u00e9 \u00e0 Zurich et j\u2019ai grandi dans le canton de Zurich et en Toscane. Mon affinit\u00e9 pour les langues \u00e9trang\u00e8res, en particulier le fran\u00e7ais et l\u2019italien, m\u2019a conduit, apr\u00e8s ma maturit\u00e9 gymnasiale, \u00e0 l\u2019universit\u00e9 de Zurich, o\u00f9 j\u2019ai \u00e9tudi\u00e9 les langues romanes. J\u2019ai pu acqu\u00e9rir une premi\u00e8re exp\u00e9rience en tant qu\u2019enseignant pendant mes \u00e9tudes et j\u2019enseigne depuis plus de vingt ans le fran\u00e7ais et l\u2019italien \u00e0 diff\u00e9rents niveaux.<\/p><p>Comme le fonctionnement de la psych\u00e9 humaine et diff\u00e9rents th\u00e8mes du d\u00e9veloppement personnel m\u2019int\u00e9ressent depuis longtemps, le besoin d\u2019une formation professionnelle continue n\u2019a cess\u00e9 de cro\u00eetre au fil des ann\u00e9es. Finalement, j\u2019ai d\u00e9cid\u00e9 de suivre une formation de conseiller psychosocial en cours d\u2019emploi selon la m\u00e9thode de la HerzSelbst-Intelligenz\u00ae. L\u2019approche holistique de cette m\u00e9thode correspond \u00e0 mes propres valeurs et m\u2019a permis de faire un pas important dans le d\u00e9veloppement de ma personnalit\u00e9. Je trouve particuli\u00e8rement pr\u00e9cieux le principe selon lequel chaque personne poss\u00e8de un tr\u00e9sor de ressources qui peut rendre des services insoup\u00e7onn\u00e9s dans le d\u00e9veloppement de la personnalit\u00e9.<\/p><p>D\u2019un naturel sensible et profond, j\u2019ai d\u00e9couvert le ph\u00e9nom\u00e8ne de l\u2019hypersensibilit\u00e9 il y a quelques ann\u00e9es. Selon mes propres estimations, je suis ultrasensible et je consid\u00e8re ce don particulier comme un atout majeur pour mon activit\u00e9 de conseiller psychosocial.<\/p><p>Dans le cadre de mon activit\u00e9 d\u2019accompagnement, j\u2019aimerais transmettre \u00e0 mes client(e)s les id\u00e9es et les connaissances que j\u2019ai acquises au cours de ma formation.<\/p>\t\t\t\t\t\t\t\t<\/div>\n\t\t\t\t<\/div>\n\t\t\t\t<\/div>\n\t\t<div class=\"elementor-element elementor-element-6b83964 e-con-full e-flex e-con e-child\" data-id=\"6b83964\" data-element_type=\"container\" data-e-type=\"container\">\n\t\t\t\t<div class=\"elementor-element elementor-element-9ee19ee elementor-widget elementor-widget-image\" data-id=\"9ee19ee\" data-element_type=\"widget\" data-e-type=\"widget\" data-widget_type=\"image.default\">\n\t\t\t\t<div class=\"elementor-widget-container\">\n\t\t\t\t\t\t\t\t\t\t\t\t\t\t\t<img fetchpriority=\"high\" decoding=\"async\" width=\"460\" height=\"689\" src=\"https:\/\/www.beratung-mrueegg.ch\/wp-content\/uploads\/2024\/05\/Portrait-Michael-Rueegg.jpg\" class=\"attachment-medium_large size-medium_large wp-image-278\" alt=\"\" srcset=\"https:\/\/www.beratung-mrueegg.ch\/wp-content\/uploads\/2024\/05\/Portrait-Michael-Rueegg.jpg 460w, https:\/\/www.beratung-mrueegg.ch\/wp-content\/uploads\/2024\/05\/Portrait-Michael-Rueegg-200x300.jpg 200w\" sizes=\"(max-width: 460px) 100vw, 460px\" \/>\t\t\t\t\t\t\t\t\t\t\t\t\t\t\t<\/div>\n\t\t\t\t<\/div>\n\t\t\t\t<\/div>\n\t\t\t\t\t<\/div>\n\t\t\t\t<\/div>\n\t\t<div class=\"elementor-element elementor-element-9b16297 e-flex e-con-boxed e-con e-parent\" data-id=\"9b16297\" data-element_type=\"container\" data-e-type=\"container\" data-settings=\"{&quot;background_background&quot;:&quot;classic&quot;}\">\n\t\t\t\t\t<div class=\"e-con-inner\">\n\t\t<div class=\"elementor-element elementor-element-66172fc e-con-full e-flex e-con e-child\" data-id=\"66172fc\" data-element_type=\"container\" data-e-type=\"container\">\n\t\t\t\t<div class=\"elementor-element elementor-element-f2fb8da elementor-widget-divider--view-line elementor-widget elementor-widget-divider\" data-id=\"f2fb8da\" data-element_type=\"widget\" data-e-type=\"widget\" data-widget_type=\"divider.default\">\n\t\t\t\t<div class=\"elementor-widget-container\">\n\t\t\t\t\t\t\t<div class=\"elementor-divider\">\n\t\t\t<span class=\"elementor-divider-separator\">\n\t\t\t\t\t\t<\/span>\n\t\t<\/div>\n\t\t\t\t\t\t<\/div>\n\t\t\t\t<\/div>\n\t\t\t\t<div class=\"elementor-element elementor-element-f59efaf elementor-widget elementor-widget-heading\" data-id=\"f59efaf\" data-element_type=\"widget\" data-e-type=\"widget\" data-widget_type=\"heading.default\">\n\t\t\t\t<div class=\"elementor-widget-container\">\n\t\t\t\t\t<h2 class=\"elementor-heading-title elementor-size-default\">Mes formations<\/h2>\t\t\t\t<\/div>\n\t\t\t\t<\/div>\n\t\t\t\t<div class=\"elementor-element elementor-element-56da63f elementor-widget elementor-widget-text-editor\" data-id=\"56da63f\" data-element_type=\"widget\" data-e-type=\"widget\" data-widget_type=\"text-editor.default\">\n\t\t\t\t<div class=\"elementor-widget-container\">\n\t\t\t\t\t\t\t\t\t<p><strong>Formation de conseiller psychosocial selon la m\u00e9thode HerzSelbst-Intelligenz\u00ae.<br \/><\/strong>\u00e0 l\u2019Institut de conseil et de p\u00e9dagogie psychosociale HSI, Winterthur<br \/><a href=\"https:\/\/www.institut-hsi.ch\/\" target=\"_blank\" rel=\"noopener\">https:\/\/www.institut-hsi.ch\/<\/a><br \/>(Conseiller psychosocial dipl\u00f4m\u00e9 HSI)<\/p><p><strong>Enseignement sup\u00e9rieur d\u2019italien et de fran\u00e7ais<br \/><\/strong>\u00e0 l&rsquo;Institut de p\u00e9dagogie gymnasiale et professionnelle de Zurich<br \/>(Dipl\u00f4me d\u2019enseignement sup\u00e9rieur d\u2019italien et de fran\u00e7ais)<\/p><p><strong>\u00c9tudes de langues et litt\u00e9ratures italienne et fran\u00e7aise <br \/><\/strong>\u00e0 la facult\u00e9 des lettres de l\u2019Universit\u00e9 de Zurich<br \/>(Licence d\u2019italien et de fran\u00e7ais)<\/p>\t\t\t\t\t\t\t\t<\/div>\n\t\t\t\t<\/div>\n\t\t\t\t<\/div>\n\t\t\t\t\t<\/div>\n\t\t\t\t<\/div>\n\t\t<div class=\"elementor-element elementor-element-7e363e8 e-flex e-con-boxed e-con e-parent\" data-id=\"7e363e8\" data-element_type=\"container\" data-e-type=\"container\">\n\t\t\t\t\t<div class=\"e-con-inner\">\n\t\t<a class=\"elementor-element elementor-element-f01498b e-con-full e-flex e-con e-child\" data-id=\"f01498b\" data-element_type=\"container\" data-e-type=\"container\" data-settings=\"{&quot;background_background&quot;:&quot;classic&quot;}\" href=\"https:\/\/www.beratung-mrueegg.ch\/fr\/\">\n\t\t\t\t<div class=\"elementor-element elementor-element-db73173 e-transform elementor-widget elementor-widget-text-editor\" data-id=\"db73173\" data-element_type=\"widget\" data-e-type=\"widget\" data-settings=\"{&quot;_transform_scale_effect_hover&quot;:{&quot;unit&quot;:&quot;px&quot;,&quot;size&quot;:1.1999999999999999555910790149937383830547332763671875,&quot;sizes&quot;:[]},&quot;_transform_scale_effect_hover_tablet&quot;:{&quot;unit&quot;:&quot;px&quot;,&quot;size&quot;:&quot;&quot;,&quot;sizes&quot;:[]},&quot;_transform_scale_effect_hover_mobile&quot;:{&quot;unit&quot;:&quot;px&quot;,&quot;size&quot;:&quot;&quot;,&quot;sizes&quot;:[]}}\" data-widget_type=\"text-editor.default\">\n\t\t\t\t<div class=\"elementor-widget-container\">\n\t\t\t\t\t\t\t\t\t<p>Accueil<\/p>\n\t\t\t\t\t\t\t\t<\/div>\n\t\t\t\t<\/div>\n\t\t\t\t<\/a>\n\t\t<a class=\"elementor-element elementor-element-64cfa13 e-con-full e-flex e-con e-child\" data-id=\"64cfa13\" data-element_type=\"container\" data-e-type=\"container\" data-settings=\"{&quot;background_background&quot;:&quot;classic&quot;}\" href=\"https:\/\/www.beratung-mrueegg.ch\/fr\/la-methode-herzselbst-intelligenz\/\">\n\t\t\t\t<div class=\"elementor-element elementor-element-313808d e-transform elementor-widget elementor-widget-text-editor\" data-id=\"313808d\" data-element_type=\"widget\" data-e-type=\"widget\" data-settings=\"{&quot;_transform_scale_effect_hover&quot;:{&quot;unit&quot;:&quot;px&quot;,&quot;size&quot;:1.1999999999999999555910790149937383830547332763671875,&quot;sizes&quot;:[]},&quot;_transform_scale_effect_hover_tablet&quot;:{&quot;unit&quot;:&quot;px&quot;,&quot;size&quot;:&quot;&quot;,&quot;sizes&quot;:[]},&quot;_transform_scale_effect_hover_mobile&quot;:{&quot;unit&quot;:&quot;px&quot;,&quot;size&quot;:&quot;&quot;,&quot;sizes&quot;:[]}}\" data-widget_type=\"text-editor.default\">\n\t\t\t\t<div class=\"elementor-widget-container\">\n\t\t\t\t\t\t\t\t\t<p>M\u00e9thode &amp; offre<\/p>\t\t\t\t\t\t\t\t<\/div>\n\t\t\t\t<\/div>\n\t\t\t\t<\/a>\n\t\t<a class=\"elementor-element elementor-element-081e86f e-con-full e-flex e-con e-child\" data-id=\"081e86f\" data-element_type=\"container\" data-e-type=\"container\" data-settings=\"{&quot;background_background&quot;:&quot;classic&quot;}\" href=\"https:\/\/www.beratung-mrueegg.ch\/fr\/contact\/\">\n\t\t\t\t<div class=\"elementor-element elementor-element-b92b418 e-transform elementor-widget elementor-widget-text-editor\" data-id=\"b92b418\" data-element_type=\"widget\" data-e-type=\"widget\" data-settings=\"{&quot;_transform_scale_effect_hover&quot;:{&quot;unit&quot;:&quot;px&quot;,&quot;size&quot;:1.1999999999999999555910790149937383830547332763671875,&quot;sizes&quot;:[]},&quot;_transform_scale_effect_hover_tablet&quot;:{&quot;unit&quot;:&quot;px&quot;,&quot;size&quot;:&quot;&quot;,&quot;sizes&quot;:[]},&quot;_transform_scale_effect_hover_mobile&quot;:{&quot;unit&quot;:&quot;px&quot;,&quot;size&quot;:&quot;&quot;,&quot;sizes&quot;:[]}}\" data-widget_type=\"text-editor.default\">\n\t\t\t\t<div class=\"elementor-widget-container\">\n\t\t\t\t\t\t\t\t\t<p>Contact<\/p>\n\t\t\t\t\t\t\t\t<\/div>\n\t\t\t\t<\/div>\n\t\t\t\t<\/a>\n\t\t\t\t\t<\/div>\n\t\t\t\t<\/div>\n\t\t\t\t<\/div>\n\t\t","protected":false},"excerpt":{"rendered":"<p>A propos de moi Je vous guide sur le chemin en direction de l\u2019objectif que vous vous \u00eates fix\u00e9. Je m\u2019appelle Michael R\u00fcegg, je suis n\u00e9 \u00e0 Zurich et j\u2019ai grandi dans le canton de Zurich et en Toscane. Mon affinit\u00e9 pour les langues \u00e9trang\u00e8res, en particulier le fran\u00e7ais et l\u2019italien, m\u2019a conduit, apr\u00e8s ma [&hellip;]<\/p>\n","protected":false},"author":1,"featured_media":0,"parent":0,"menu_order":0,"comment_status":"closed","ping_status":"closed","template":"","meta":{"footnotes":""},"class_list":["post-306","page","type-page","status-publish","hentry"],"yoast_head":"<!-- This site is optimized with the Yoast SEO plugin v27.3 - https:\/\/yoast.com\/product\/yoast-seo-wordpress\/ -->\n<title>Michael R\u00fcegg \u2013 Conseiller psychosocial \u00e0 Sierre<\/title>\n<meta name=\"description\" content=\"D\u00e9couvrez Michael R\u00fcegg, conseiller psychosocial \u00e0 Sierre. Apprenez-en plus sur son exp\u00e9rience et sa philosophie d&#039;accompagnement.\" \/>\n<meta name=\"robots\" content=\"index, follow, max-snippet:-1, max-image-preview:large, max-video-preview:-1\" \/>\n<link rel=\"canonical\" href=\"https:\/\/www.beratung-mrueegg.ch\/fr\/a-propos-de-moi\/\" \/>\n<meta property=\"og:locale\" content=\"fr_FR\" \/>\n<meta property=\"og:type\" content=\"article\" \/>\n<meta property=\"og:title\" content=\"Michael R\u00fcegg \u2013 Conseiller psychosocial \u00e0 Sierre\" \/>\n<meta property=\"og:description\" content=\"D\u00e9couvrez Michael R\u00fcegg, conseiller psychosocial \u00e0 Sierre. Apprenez-en plus sur son exp\u00e9rience et sa philosophie d&#039;accompagnement.\" \/>\n<meta property=\"og:url\" content=\"https:\/\/www.beratung-mrueegg.ch\/fr\/a-propos-de-moi\/\" \/>\n<meta property=\"og:site_name\" content=\"Psychosozialberatung Rueegg\" \/>\n<meta property=\"article:modified_time\" content=\"2025-03-10T08:35:38+00:00\" \/>\n<meta property=\"og:image\" content=\"https:\/\/www.beratung-mrueegg.ch\/wp-content\/uploads\/2024\/05\/Portrait-Michael-Rueegg.jpg\" \/>\n<meta name=\"twitter:card\" content=\"summary_large_image\" \/>\n<meta name=\"twitter:label1\" content=\"Dur\u00e9e de lecture estim\u00e9e\" \/>\n\t<meta name=\"twitter:data1\" content=\"3 minutes\" \/>\n<script type=\"application\/ld+json\" class=\"yoast-schema-graph\">{\"@context\":\"https:\\\/\\\/schema.org\",\"@graph\":[{\"@type\":\"WebPage\",\"@id\":\"https:\\\/\\\/www.beratung-mrueegg.ch\\\/fr\\\/a-propos-de-moi\\\/\",\"url\":\"https:\\\/\\\/www.beratung-mrueegg.ch\\\/fr\\\/a-propos-de-moi\\\/\",\"name\":\"Michael R\u00fcegg \u2013 Conseiller psychosocial \u00e0 Sierre\",\"isPartOf\":{\"@id\":\"https:\\\/\\\/www.beratung-mrueegg.ch\\\/fr\\\/#website\"},\"primaryImageOfPage\":{\"@id\":\"https:\\\/\\\/www.beratung-mrueegg.ch\\\/fr\\\/a-propos-de-moi\\\/#primaryimage\"},\"image\":{\"@id\":\"https:\\\/\\\/www.beratung-mrueegg.ch\\\/fr\\\/a-propos-de-moi\\\/#primaryimage\"},\"thumbnailUrl\":\"https:\\\/\\\/www.beratung-mrueegg.ch\\\/wp-content\\\/uploads\\\/2024\\\/05\\\/Portrait-Michael-Rueegg.jpg\",\"datePublished\":\"2024-05-14T10:10:23+00:00\",\"dateModified\":\"2025-03-10T08:35:38+00:00\",\"description\":\"D\u00e9couvrez Michael R\u00fcegg, conseiller psychosocial \u00e0 Sierre. Apprenez-en plus sur son exp\u00e9rience et sa philosophie d'accompagnement.\",\"breadcrumb\":{\"@id\":\"https:\\\/\\\/www.beratung-mrueegg.ch\\\/fr\\\/a-propos-de-moi\\\/#breadcrumb\"},\"inLanguage\":\"fr-FR\",\"potentialAction\":[{\"@type\":\"ReadAction\",\"target\":[\"https:\\\/\\\/www.beratung-mrueegg.ch\\\/fr\\\/a-propos-de-moi\\\/\"]}]},{\"@type\":\"ImageObject\",\"inLanguage\":\"fr-FR\",\"@id\":\"https:\\\/\\\/www.beratung-mrueegg.ch\\\/fr\\\/a-propos-de-moi\\\/#primaryimage\",\"url\":\"https:\\\/\\\/www.beratung-mrueegg.ch\\\/wp-content\\\/uploads\\\/2024\\\/05\\\/Portrait-Michael-Rueegg.jpg\",\"contentUrl\":\"https:\\\/\\\/www.beratung-mrueegg.ch\\\/wp-content\\\/uploads\\\/2024\\\/05\\\/Portrait-Michael-Rueegg.jpg\"},{\"@type\":\"BreadcrumbList\",\"@id\":\"https:\\\/\\\/www.beratung-mrueegg.ch\\\/fr\\\/a-propos-de-moi\\\/#breadcrumb\",\"itemListElement\":[{\"@type\":\"ListItem\",\"position\":1,\"name\":\"Startseite\",\"item\":\"https:\\\/\\\/www.beratung-mrueegg.ch\\\/fr\\\/\"},{\"@type\":\"ListItem\",\"position\":2,\"name\":\"\u00c0 propos de moi\"}]},{\"@type\":\"WebSite\",\"@id\":\"https:\\\/\\\/www.beratung-mrueegg.ch\\\/fr\\\/#website\",\"url\":\"https:\\\/\\\/www.beratung-mrueegg.ch\\\/fr\\\/\",\"name\":\"Psychosozialberatung Rueegg\",\"description\":\"Psychosoziale Beratung f\u00fcr pers\u00f6nliche Weiterentwicklung\",\"potentialAction\":[{\"@type\":\"SearchAction\",\"target\":{\"@type\":\"EntryPoint\",\"urlTemplate\":\"https:\\\/\\\/www.beratung-mrueegg.ch\\\/fr\\\/?s={search_term_string}\"},\"query-input\":{\"@type\":\"PropertyValueSpecification\",\"valueRequired\":true,\"valueName\":\"search_term_string\"}}],\"inLanguage\":\"fr-FR\"}]}<\/script>\n<!-- \/ Yoast SEO plugin. -->","yoast_head_json":{"title":"Michael R\u00fcegg \u2013 Conseiller psychosocial \u00e0 Sierre","description":"D\u00e9couvrez Michael R\u00fcegg, conseiller psychosocial \u00e0 Sierre. Apprenez-en plus sur son exp\u00e9rience et sa philosophie d'accompagnement.","robots":{"index":"index","follow":"follow","max-snippet":"max-snippet:-1","max-image-preview":"max-image-preview:large","max-video-preview":"max-video-preview:-1"},"canonical":"https:\/\/www.beratung-mrueegg.ch\/fr\/a-propos-de-moi\/","og_locale":"fr_FR","og_type":"article","og_title":"Michael R\u00fcegg \u2013 Conseiller psychosocial \u00e0 Sierre","og_description":"D\u00e9couvrez Michael R\u00fcegg, conseiller psychosocial \u00e0 Sierre. Apprenez-en plus sur son exp\u00e9rience et sa philosophie d'accompagnement.","og_url":"https:\/\/www.beratung-mrueegg.ch\/fr\/a-propos-de-moi\/","og_site_name":"Psychosozialberatung Rueegg","article_modified_time":"2025-03-10T08:35:38+00:00","og_image":[{"url":"https:\/\/www.beratung-mrueegg.ch\/wp-content\/uploads\/2024\/05\/Portrait-Michael-Rueegg.jpg","type":"","width":"","height":""}],"twitter_card":"summary_large_image","twitter_misc":{"Dur\u00e9e de lecture estim\u00e9e":"3 minutes"},"schema":{"@context":"https:\/\/schema.org","@graph":[{"@type":"WebPage","@id":"https:\/\/www.beratung-mrueegg.ch\/fr\/a-propos-de-moi\/","url":"https:\/\/www.beratung-mrueegg.ch\/fr\/a-propos-de-moi\/","name":"Michael R\u00fcegg \u2013 Conseiller psychosocial \u00e0 Sierre","isPartOf":{"@id":"https:\/\/www.beratung-mrueegg.ch\/fr\/#website"},"primaryImageOfPage":{"@id":"https:\/\/www.beratung-mrueegg.ch\/fr\/a-propos-de-moi\/#primaryimage"},"image":{"@id":"https:\/\/www.beratung-mrueegg.ch\/fr\/a-propos-de-moi\/#primaryimage"},"thumbnailUrl":"https:\/\/www.beratung-mrueegg.ch\/wp-content\/uploads\/2024\/05\/Portrait-Michael-Rueegg.jpg","datePublished":"2024-05-14T10:10:23+00:00","dateModified":"2025-03-10T08:35:38+00:00","description":"D\u00e9couvrez Michael R\u00fcegg, conseiller psychosocial \u00e0 Sierre. Apprenez-en plus sur son exp\u00e9rience et sa philosophie d'accompagnement.","breadcrumb":{"@id":"https:\/\/www.beratung-mrueegg.ch\/fr\/a-propos-de-moi\/#breadcrumb"},"inLanguage":"fr-FR","potentialAction":[{"@type":"ReadAction","target":["https:\/\/www.beratung-mrueegg.ch\/fr\/a-propos-de-moi\/"]}]},{"@type":"ImageObject","inLanguage":"fr-FR","@id":"https:\/\/www.beratung-mrueegg.ch\/fr\/a-propos-de-moi\/#primaryimage","url":"https:\/\/www.beratung-mrueegg.ch\/wp-content\/uploads\/2024\/05\/Portrait-Michael-Rueegg.jpg","contentUrl":"https:\/\/www.beratung-mrueegg.ch\/wp-content\/uploads\/2024\/05\/Portrait-Michael-Rueegg.jpg"},{"@type":"BreadcrumbList","@id":"https:\/\/www.beratung-mrueegg.ch\/fr\/a-propos-de-moi\/#breadcrumb","itemListElement":[{"@type":"ListItem","position":1,"name":"Startseite","item":"https:\/\/www.beratung-mrueegg.ch\/fr\/"},{"@type":"ListItem","position":2,"name":"\u00c0 propos de moi"}]},{"@type":"WebSite","@id":"https:\/\/www.beratung-mrueegg.ch\/fr\/#website","url":"https:\/\/www.beratung-mrueegg.ch\/fr\/","name":"Psychosozialberatung Rueegg","description":"Psychosoziale Beratung f\u00fcr pers\u00f6nliche Weiterentwicklung","potentialAction":[{"@type":"SearchAction","target":{"@type":"EntryPoint","urlTemplate":"https:\/\/www.beratung-mrueegg.ch\/fr\/?s={search_term_string}"},"query-input":{"@type":"PropertyValueSpecification","valueRequired":true,"valueName":"search_term_string"}}],"inLanguage":"fr-FR"}]}},"_links":{"self":[{"href":"https:\/\/www.beratung-mrueegg.ch\/fr\/wp-json\/wp\/v2\/pages\/306","targetHints":{"allow":["GET"]}}],"collection":[{"href":"https:\/\/www.beratung-mrueegg.ch\/fr\/wp-json\/wp\/v2\/pages"}],"about":[{"href":"https:\/\/www.beratung-mrueegg.ch\/fr\/wp-json\/wp\/v2\/types\/page"}],"author":[{"embeddable":true,"href":"https:\/\/www.beratung-mrueegg.ch\/fr\/wp-json\/wp\/v2\/users\/1"}],"replies":[{"embeddable":true,"href":"https:\/\/www.beratung-mrueegg.ch\/fr\/wp-json\/wp\/v2\/comments?post=306"}],"version-history":[{"count":19,"href":"https:\/\/www.beratung-mrueegg.ch\/fr\/wp-json\/wp\/v2\/pages\/306\/revisions"}],"predecessor-version":[{"id":522,"href":"https:\/\/www.beratung-mrueegg.ch\/fr\/wp-json\/wp\/v2\/pages\/306\/revisions\/522"}],"wp:attachment":[{"href":"https:\/\/www.beratung-mrueegg.ch\/fr\/wp-json\/wp\/v2\/media?parent=306"}],"curies":[{"name":"wp","href":"https:\/\/api.w.org\/{rel}","templated":true}]}}